{"id":8962,"date":"2025-09-23T11:38:24","date_gmt":"2025-09-23T11:38:24","guid":{"rendered":"https:\/\/dersuessestopp.com\/?post_type=product&#038;p=8962"},"modified":"2025-09-23T11:38:24","modified_gmt":"2025-09-23T11:38:24","slug":"clw-820-l-schwarz","status":"publish","type":"product","link":"https:\/\/dersuessestopp.com\/de_at\/product\/clw-820-l-black\/","title":{"rendered":"CLW 820 L SCHWARZ"},"content":{"rendered":"<p data-start=\"189\" data-end=\"456\">Die <strong data-start=\"209\" data-end=\"228\">CLW 820 L SCHWARZ<\/strong> ist ein hochwertiger statischer Weink\u00fchler mit optionalem Ventilatorbetrieb (ein\/aus) und Massivholzverkleidung. Dieses Modell besteht aus <strong data-start=\"345\" data-end=\"380\">2 montierte K\u00fchlaggregate<\/strong>; Energieklasse und Ger\u00e4uschpegel beziehen sich auf ein einziges Ger\u00e4t. Verf\u00fcgbare Ausf\u00fchrungen:<\/p>\n<ul data-start=\"457\" data-end=\"572\">\n<li data-start=\"457\" data-end=\"481\">\n<p data-start=\"459\" data-end=\"481\"><strong data-start=\"459\" data-end=\"469\">Schwarz:<\/strong> Schwarze Esche<\/p>\n<\/li>\n<li data-start=\"482\" data-end=\"515\">\n<p data-start=\"484\" data-end=\"515\"><strong data-start=\"484\" data-end=\"502\">Walnuss mittel:<\/strong> Walnuss Esche<\/p>\n<\/li>\n<li data-start=\"516\" data-end=\"543\">\n<p data-start=\"518\" data-end=\"543\"><strong data-start=\"518\" data-end=\"528\">Wei\u00df:<\/strong> Gebleichtes Eschenholz<\/p>\n<\/li>\n<li data-start=\"544\" data-end=\"572\">\n<p data-start=\"546\" data-end=\"572\"><strong data-start=\"546\" data-end=\"558\">Nat\u00fcrlich:<\/strong> Natur-Esche<\/p>\n<\/li>\n<\/ul>\n<p data-start=\"574\" data-end=\"593\"><strong data-start=\"574\" data-end=\"591\">Hauptmerkmale:<\/strong><\/p>\n<ul data-start=\"594\" data-end=\"742\">\n<li data-start=\"594\" data-end=\"620\">\n<p data-start=\"596\" data-end=\"620\">Beschichtung aus massivem Eschenholz<\/p>\n<\/li>\n<li data-start=\"621\" data-end=\"648\">\n<p data-start=\"623\" data-end=\"648\">Optionale Holzb\u00f6den<\/p>\n<\/li>\n<li data-start=\"649\" data-end=\"673\">\n<p data-start=\"651\" data-end=\"673\">Verspiegeltes Stahlblech<\/p>\n<\/li>\n<li data-start=\"674\" data-end=\"698\">\n<p data-start=\"676\" data-end=\"698\">L\u00fcfterbetrieb ein\/aus<\/p>\n<\/li>\n<li data-start=\"699\" data-end=\"742\">\n<p data-start=\"701\" data-end=\"742\">Optionale Smart Link WiFi-Fernbedienung<\/p>\n<\/li>\n<\/ul>\n<h3 data-start=\"749\" data-end=\"763\"><strong>Kapazit\u00e4t<\/strong><\/h3>\n<table>\n<thead>\n<tr>\n<th>Modell<\/th>\n<th>Flascheninhalt (75 cl)<\/th>\n<th>Anmerkungen<\/th>\n<\/tr>\n<\/thead>\n<tbody>\n<tr>\n<td>CLW 820 L SCHWARZ<\/td>\n<td>252<\/td>\n<td>Daten k\u00f6nnen je nach Verpackung variieren<\/td>\n<\/tr>\n<\/tbody>\n<\/table>\n<div><\/div>\n<div class=\"group _tableWrapper_1rjym_13 flex w-fit flex-col-reverse\">\n<h3 data-start=\"923\" data-end=\"939\">Abmessungen<\/h3>\n<table>\n<thead>\n<tr>\n<th>Beschreibung<\/th>\n<th>Messung (mm)<\/th>\n<\/tr>\n<\/thead>\n<tbody>\n<tr>\n<td>\u00c4u\u00dfere Abmessungen (BxTxH)<\/td>\n<td>1295 \u00d7 635 \u00d7 1880<\/td>\n<\/tr>\n<tr>\n<td>Abmessungen der Verpackung (BxTxH)<\/td>\n<td>1345 \u00d7 740 \u00d7 2050<\/td>\n<\/tr>\n<tr>\n<td>Innere Breite (A)<\/td>\n<td>522 \u00d7 2<\/td>\n<\/tr>\n<tr>\n<td>Innere Tiefe (B)<\/td>\n<td>449<\/td>\n<\/tr>\n<tr>\n<td>Innere H\u00f6he (C)<\/td>\n<td>1557<\/td>\n<\/tr>\n<tr>\n<td>Mindesttiefe (D)<\/td>\n<td>179<\/td>\n<\/tr>\n<tr>\n<td>Mindesth\u00f6he (E)<\/td>\n<td>1337<\/td>\n<\/tr>\n<tr>\n<td>Glasaufkleber<\/td>\n<td>503 \u00d7 1544 (\u00d72)<\/td>\n<\/tr>\n<\/tbody>\n<\/table>\n<div><\/div>\n<div class=\"_tableContainer_1rjym_1\">\n<div class=\"group _tableWrapper_1rjym_13 flex w-fit flex-col-reverse\">\n<h3 data-start=\"1307\" data-end=\"1331\"><strong>Technische Merkmale<\/strong><\/h3>\n<div class=\"_tableContainer_1rjym_1\">\n<div class=\"group _tableWrapper_1rjym_13 flex w-fit flex-col-reverse\">\n<table>\n<thead>\n<tr>\n<th>Merkmal<\/th>\n<th>Spezifikation<\/th>\n<\/tr>\n<\/thead>\n<tbody>\n<tr>\n<td>Temperaturbereich (L\u00fcfter AUS)<\/td>\n<td>+16\u00b0C \/ +10\u00b0C \/ +5\u00b0C<\/td>\n<\/tr>\n<tr>\n<td>Temperaturbereich (L\u00fcfter EIN)<\/td>\n<td>+4\u00b0C \/ +18\u00b0C<\/td>\n<\/tr>\n<tr>\n<td>Klima-Klasse<\/td>\n<td>4<\/td>\n<\/tr>\n<tr>\n<td>Netto\/Brutto Volumen<\/td>\n<td>684 L \/ 764 L<\/td>\n<\/tr>\n<tr>\n<td>Beschichtung<\/td>\n<td>Massives Eschenholz<\/td>\n<\/tr>\n<tr>\n<td>Innenauskleidung<\/td>\n<td>ABS<\/td>\n<\/tr>\n<tr>\n<td>Thermostat<\/td>\n<td>Elektronisch<\/td>\n<\/tr>\n<tr>\n<td>L\u00e4rmpegel<\/td>\n<td>55 dB (pro Einheit)<\/td>\n<\/tr>\n<tr>\n<td>Fernsteuerung<\/td>\n<td>Optionales Smart Link WiFi<\/td>\n<\/tr>\n<tr>\n<td>Dicke der Isolierung<\/td>\n<td>40 mm<\/td>\n<\/tr>\n<tr>\n<td>Abtau-System<\/td>\n<td>Automatisch (Kompressor aus) + Manuell<\/td>\n<\/tr>\n<tr>\n<td>Beleuchtung<\/td>\n<td>4 vertikale LEDs<\/td>\n<\/tr>\n<tr>\n<td>Selbstschlie\u00dfende T\u00fcr<\/td>\n<td>Ja<\/td>\n<\/tr>\n<tr>\n<td>Schloss &amp; Schl\u00fcssel<\/td>\n<td>Ja<\/td>\n<\/tr>\n<tr>\n<td>Einlegeb\u00f6den (BxT)<\/td>\n<td>10 \u00d7 513 \u00d7 410 mm, Holzb\u00f6den optional<\/td>\n<\/tr>\n<tr>\n<td>Rollen und F\u00fc\u00dfe<\/td>\n<td>4 F\u00fc\u00dfe + 4 Rollen<\/td>\n<\/tr>\n<tr>\n<td>Netto-\/Bruttogewicht<\/td>\n<td>160 \/ 174 kg<\/td>\n<\/tr>\n<\/tbody>\n<\/table>\n<\/div>\n<\/div>\n<\/div>\n<div>\n<h3 data-start=\"2028\" data-end=\"2049\"><strong>Elektrische Daten<\/strong><\/h3>\n<table>\n<thead>\n<tr>\n<th>Spezifikation<\/th>\n<th>Wert<\/th>\n<\/tr>\n<\/thead>\n<tbody>\n<tr>\n<td>Spannung<\/td>\n<td>220 V<\/td>\n<\/tr>\n<tr>\n<td>Frequenz<\/td>\n<td>50 Hz<\/td>\n<\/tr>\n<tr>\n<td>K\u00e4ltemittel<\/td>\n<td>R600A<\/td>\n<\/tr>\n<tr>\n<td>Leistungsabsorption<\/td>\n<td>244 W<\/td>\n<\/tr>\n<tr>\n<td>Energieverbrauch (24h)<\/td>\n<td>5,68 kWh<\/td>\n<\/tr>\n<\/tbody>\n<\/table>\n<div class=\"_tableContainer_1rjym_1\">\n<div class=\"group _tableWrapper_1rjym_13 flex w-fit flex-col-reverse\"><\/div>\n<\/div>\n<\/div>\n<\/div>\n<\/div>","protected":false},"excerpt":{"rendered":"<p>The CLW 820 L BLACK is a premium static wine cooler with optional fan operation (on\/off) and solid wood coating. This model consists of 2 assembled refrigeration units; energy class and noise level refer to a single unit. Available finishes: Black: Black Ash Medium Walnut: Walnut Ash White: Bleached Ash Natural: Natural Ash Key Features: [&hellip;]<\/p>\n","protected":false},"featured_media":8967,"comment_status":"open","ping_status":"closed","template":"","meta":[],"product_brand":[],"product_cat":[49],"product_tag":[],"class_list":{"0":"post-8962","1":"product","2":"type-product","3":"status-publish","4":"has-post-thumbnail","6":"product_cat-wine-fridges","8":"first","9":"instock","10":"shipping-taxable","11":"product-type-simple"},"_links":{"self":[{"href":"https:\/\/dersuessestopp.com\/de_at\/wp-json\/wp\/v2\/product\/8962","targetHints":{"allow":["GET"]}}],"collection":[{"href":"https:\/\/dersuessestopp.com\/de_at\/wp-json\/wp\/v2\/product"}],"about":[{"href":"https:\/\/dersuessestopp.com\/de_at\/wp-json\/wp\/v2\/types\/product"}],"replies":[{"embeddable":true,"href":"https:\/\/dersuessestopp.com\/de_at\/wp-json\/wp\/v2\/comments?post=8962"}],"version-history":[{"count":1,"href":"https:\/\/dersuessestopp.com\/de_at\/wp-json\/wp\/v2\/product\/8962\/revisions"}],"predecessor-version":[{"id":8972,"href":"https:\/\/dersuessestopp.com\/de_at\/wp-json\/wp\/v2\/product\/8962\/revisions\/8972"}],"wp:featuredmedia":[{"embeddable":true,"href":"https:\/\/dersuessestopp.com\/de_at\/wp-json\/wp\/v2\/media\/8967"}],"wp:attachment":[{"href":"https:\/\/dersuessestopp.com\/de_at\/wp-json\/wp\/v2\/media?parent=8962"}],"wp:term":[{"taxonomy":"product_brand","embeddable":true,"href":"https:\/\/dersuessestopp.com\/de_at\/wp-json\/wp\/v2\/product_brand?post=8962"},{"taxonomy":"product_cat","embeddable":true,"href":"https:\/\/dersuessestopp.com\/de_at\/wp-json\/wp\/v2\/product_cat?post=8962"},{"taxonomy":"product_tag","embeddable":true,"href":"https:\/\/dersuessestopp.com\/de_at\/wp-json\/wp\/v2\/product_tag?post=8962"}],"curies":[{"name":"wp","href":"https:\/\/api.w.org\/{rel}","templated":true}]}}